{"id":3230,"date":"2022-11-21T16:23:33","date_gmt":"2022-11-21T16:23:33","guid":{"rendered":"https:\/\/flohmarktgraz.at\/impresszum\/"},"modified":"2023-12-29T01:12:39","modified_gmt":"2023-12-29T01:12:39","slug":"impresszum","status":"publish","type":"page","link":"https:\/\/flohmarktgraz.at\/hu\/impresszum\/","title":{"rendered":"Impresszum"},"content":{"rendered":"\n<figure class=\"wp-block-image size-large is-resized\"><img loading=\"lazy\" decoding=\"async\" src=\"https:\/\/flohmarktgraz.at\/wp-content\/uploads\/2023\/05\/facebook-header6-3-1024x379.jpg\" alt=\"\" class=\"wp-image-2858\" width=\"351\" height=\"130\" srcset=\"https:\/\/flohmarktgraz.at\/wp-content\/uploads\/2023\/05\/facebook-header6-3-1024x379.jpg 1024w, https:\/\/flohmarktgraz.at\/wp-content\/uploads\/2023\/05\/facebook-header6-3-300x111.jpg 300w, https:\/\/flohmarktgraz.at\/wp-content\/uploads\/2023\/05\/facebook-header6-3-768x284.jpg 768w, https:\/\/flohmarktgraz.at\/wp-content\/uploads\/2023\/05\/facebook-header6-3-1536x569.jpg 1536w, https:\/\/flohmarktgraz.at\/wp-content\/uploads\/2023\/05\/facebook-header6-3-2048x758.jpg 2048w\" sizes=\"auto, (max-width: 351px) 100vw, 351px\" \/><\/figure>\n\n<p>Szervez\u0151 bolhapiac Puntigam:<\/p>\n\n<p>Manuela Buchrieser<\/p>\n\n<p>Alte Poststra\u00dfe 470, 8055 Graz Puntigam<\/p>\n\n<p>Tel.: 0664 51 70 430<\/p>\n\n<p>E-mail: buchrieser.dienstleistungen@gmail.com<\/p>\n\n<p>a Unterst\u00fctzungsverein zur F\u00f6rderung und Erhaltung der freien \u00f6sterreichischen Markttradition egy\u00fcttm\u0171k\u00f6d\u00e9s\u00e9vel.<br\/>&#8222;UFM AUSZTRIA&#8221;  <\/p>\n\n<p>\u00dczlethelyis\u00e9gek:<br\/>Stra\u00dfganger Stra\u00dfe 120A<br\/>8052 Graz<br\/>ZVR sz\u00e1m: 1306313357<\/p>\n\n<h2 class=\"wp-block-heading\">Felel\u0151ss\u00e9gi nyilatkozat<\/h2>\n\n<p>A bolhapiac szervez\u0151je \u00e9s alkalmazottai nem v\u00e1llalnak felel\u0151ss\u00e9get vagyoni k\u00e1rok\u00e9rt, szem\u00e9lyi s\u00e9r\u00fcl\u00e9sek\u00e9rt, lop\u00e1sok\u00e9rt vagy k\u00f6zleked\u00e9si b\u00edrs\u00e1gok\u00e9rt. A szervez\u0151 nem v\u00e1llal felel\u0151ss\u00e9get a ki\u00e1ll\u00edt\u00f3, illetve hozz\u00e1tartoz\u00f3i vagy l\u00e1togat\u00f3i \u00e1ltal a ki\u00e1ll\u00edt\u00e1s ter\u00fclet\u00e9n elszenvedett szem\u00e9lyi s\u00e9r\u00fcl\u00e9sek\u00e9rt vagy anyagi k\u00e1rok\u00e9rt. A bolhapiac ter\u00fclet\u00e9nek \u00e9s a parkol\u00f3knak a haszn\u00e1lata saj\u00e1t felel\u0151ss\u00e9gre t\u00f6rt\u00e9nik.  <\/p>\n\n<p><strong>Garancia, j\u00f3t\u00e1ll\u00e1s, visszav\u00e9tel:<\/strong><br\/>A bolhapiacunkon k\u00edn\u00e1lt \u00e1ruk mag\u00e1n\u00e9rt\u00e9kes\u00edt\u00e9snek min\u0151s\u00fclnek, amely k\u00f6zvetlen\u00fcl az elad\u00f3 \u00e9s a vev\u0151 k\u00f6z\u00f6tt j\u00f6n l\u00e9tre. A szervez\u0151nek semmi k\u00f6ze az \u00e1rukhoz, \u00e9s nem keres p\u00e9nzt az elad\u00e1sb\u00f3l. A mag\u00e1n\u00e9rt\u00e9kes\u00edt\u00e9sre vonatkoz\u00f3 uni\u00f3s jogi rendelkez\u00e9sekre tekintettel t\u00e1j\u00e9koztatjuk, hogy az elad\u00f3k nem v\u00e1llalnak semmilyen garanci\u00e1t. Az \u00e9rt\u00e9kes\u00edt\u00e9s minden garancia, j\u00f3t\u00e1ll\u00e1s vagy visszav\u00e9tel kiz\u00e1r\u00e1s\u00e1val t\u00f6rt\u00e9nik. A vev\u0151k ezt elfogadj\u00e1k \u00e9s aj\u00e1nlatukkal vagy fizet\u00e9s\u00fckkel elismerik.<\/p>\n\n<p><\/p>\n","protected":false},"excerpt":{"rendered":"<p>Szervez\u0151 bolhapiac Puntigam: Manuela Buchrieser Alte Poststra\u00dfe 470, 8055 Graz Puntigam Tel.: 0664 51 70 430 E-mail: buchrieser.dienstleistungen@gmail.com a Unterst\u00fctzungsverein zur F\u00f6rderung und Erhaltung der &#8230; <a title=\"Impresszum\" class=\"read-more\" href=\"https:\/\/flohmarktgraz.at\/hu\/impresszum\/\" aria-label=\"Read more about Impresszum\">\u27a0Weiterlesen<\/a><\/p>\n","protected":false},"author":1,"featured_media":0,"parent":0,"menu_order":0,"comment_status":"closed","ping_status":"closed","template":"","meta":{"footnotes":""},"class_list":["post-3230","page","type-page","status-publish"],"_links":{"self":[{"href":"https:\/\/flohmarktgraz.at\/hu\/wp-json\/wp\/v2\/pages\/3230","targetHints":{"allow":["GET"]}}],"collection":[{"href":"https:\/\/flohmarktgraz.at\/hu\/wp-json\/wp\/v2\/pages"}],"about":[{"href":"https:\/\/flohmarktgraz.at\/hu\/wp-json\/wp\/v2\/types\/page"}],"author":[{"embeddable":true,"href":"https:\/\/flohmarktgraz.at\/hu\/wp-json\/wp\/v2\/users\/1"}],"replies":[{"embeddable":true,"href":"https:\/\/flohmarktgraz.at\/hu\/wp-json\/wp\/v2\/comments?post=3230"}],"version-history":[{"count":0,"href":"https:\/\/flohmarktgraz.at\/hu\/wp-json\/wp\/v2\/pages\/3230\/revisions"}],"wp:attachment":[{"href":"https:\/\/flohmarktgraz.at\/hu\/wp-json\/wp\/v2\/media?parent=3230"}],"curies":[{"name":"wp","href":"https:\/\/api.w.org\/{rel}","templated":true}]}}